{"id":671,"date":"2025-04-14T23:59:38","date_gmt":"2025-04-14T15:59:38","guid":{"rendered":"https:\/\/regencargobikes.com\/?page_id=671"},"modified":"2025-05-01T09:29:57","modified_gmt":"2025-05-01T01:29:57","slug":"cargo-bike-functional-configuration-system-customization","status":"publish","type":"page","link":"https:\/\/regencargobikes.com\/fr\/cargo-bike-functional-configuration-system-customization\/","title":{"rendered":"Configuration fonctionnelle et personnalisation du syst\u00e8me du v\u00e9lo cargo"},"content":{"rendered":"<div data-elementor-type=\"wp-page\" data-elementor-id=\"671\" class=\"elementor elementor-671\" data-elementor-post-type=\"page\">\n\t\t\t\t<div class=\"elementor-element elementor-element-170996fd e-flex e-con-boxed e-con e-parent\" data-id=\"170996fd\" data-element_type=\"container\" data-e-type=\"container\" data-settings=\"{&quot;background_background&quot;:&quot;classic&quot;,&quot;ekit_has_onepagescroll_dot&quot;:&quot;yes&quot;}\">\n\t\t\t\t\t<div class=\"e-con-inner\">\n\t\t<div class=\"elementor-element elementor-element-6ad0bb86 e-flex e-con-boxed e-con e-child\" data-id=\"6ad0bb86\" data-element_type=\"container\" data-e-type=\"container\" data-settings=\"{&quot;ekit_has_onepagescroll_dot&quot;:&quot;yes&quot;}\">\n\t\t\t\t\t<div class=\"e-con-inner\">\n\t\t\t\t<div class=\"elementor-element elementor-element-79766bef elementor-widget elementor-widget-heading\" data-id=\"79766bef\" data-element_type=\"widget\" data-e-type=\"widget\" data-widget_type=\"heading.default\">\n\t\t\t\t<div class=\"elementor-widget-container\">\n\t\t\t\t\t<h2 class=\"elementor-heading-title elementor-size-default\">Configuration fonctionnelle ODM<\/h2>\t\t\t\t<\/div>\n\t\t\t\t<\/div>\n\t\t\t\t<div class=\"elementor-element elementor-element-27fdcb5e elementor-icon-list--layout-inline elementor-align-center elementor-list-item-link-full_width elementor-widget elementor-widget-icon-list\" data-id=\"27fdcb5e\" data-element_type=\"widget\" data-e-type=\"widget\" data-widget_type=\"icon-list.default\">\n\t\t\t\t<div class=\"elementor-widget-container\">\n\t\t\t\t\t\t\t<ul class=\"elementor-icon-list-items elementor-inline-items\">\n\t\t\t\t\t\t\t<li class=\"elementor-icon-list-item elementor-inline-item\">\n\t\t\t\t\t\t\t\t\t\t\t<a href=\"#\">\n\n\t\t\t\t\t\t\t\t\t\t\t<span class=\"elementor-icon-list-text\">Maison<\/span>\n\t\t\t\t\t\t\t\t\t\t\t<\/a>\n\t\t\t\t\t\t\t\t\t<\/li>\n\t\t\t\t\t\t\t\t<li class=\"elementor-icon-list-item elementor-inline-item\">\n\t\t\t\t\t\t\t\t\t\t\t<a href=\"https:\/\/regencargobikes.com\/fr\/service-center\/#OEM-ODM-Service\">\n\n\t\t\t\t\t\t\t\t\t\t\t\t<span class=\"elementor-icon-list-icon\">\n\t\t\t\t\t\t\t<i aria-hidden=\"true\" class=\"jki jki-long-arrow-alt-right-solid\"><\/i>\t\t\t\t\t\t<\/span>\n\t\t\t\t\t\t\t\t\t\t<span class=\"elementor-icon-list-text\">Services ODM<\/span>\n\t\t\t\t\t\t\t\t\t\t\t<\/a>\n\t\t\t\t\t\t\t\t\t<\/li>\n\t\t\t\t\t\t\t\t<li class=\"elementor-icon-list-item elementor-inline-item\">\n\t\t\t\t\t\t\t\t\t\t\t<span class=\"elementor-icon-list-icon\">\n\t\t\t\t\t\t\t<i aria-hidden=\"true\" class=\"jki jki-long-arrow-alt-right-solid\"><\/i>\t\t\t\t\t\t<\/span>\n\t\t\t\t\t\t\t\t\t\t<span class=\"elementor-icon-list-text\">Configuration fonctionnelle<\/span>\n\t\t\t\t\t\t\t\t\t<\/li>\n\t\t\t\t\t\t<\/ul>\n\t\t\t\t\t\t<\/div>\n\t\t\t\t<\/div>\n\t\t\t\t\t<\/div>\n\t\t\t\t<\/div>\n\t\t\t\t\t<\/div>\n\t\t\t\t<\/div>\n\t\t<div class=\"elementor-element elementor-element-161703e e-flex e-con-boxed e-con e-parent\" data-id=\"161703e\" data-element_type=\"container\" data-e-type=\"container\" data-settings=\"{&quot;ekit_has_onepagescroll_dot&quot;:&quot;yes&quot;}\">\n\t\t\t\t\t<div class=\"e-con-inner\">\n\t\t<div class=\"elementor-element elementor-element-9e6a4ab e-con-full e-flex e-con e-child\" data-id=\"9e6a4ab\" data-element_type=\"container\" data-e-type=\"container\" data-settings=\"{&quot;ekit_has_onepagescroll_dot&quot;:&quot;yes&quot;}\">\n\t\t\t\t<div class=\"elementor-element elementor-element-f8ef569 elementor-widget elementor-widget-heading\" data-id=\"f8ef569\" data-element_type=\"widget\" data-e-type=\"widget\" data-widget_type=\"heading.default\">\n\t\t\t\t<div class=\"elementor-widget-container\">\n\t\t\t\t\t<h2 class=\"elementor-heading-title elementor-size-default\">Conception de syst\u00e8mes modulaires pour les projets ODM<\/h2>\t\t\t\t<\/div>\n\t\t\t\t<\/div>\n\t\t\t\t<\/div>\n\t\t<div class=\"elementor-element elementor-element-cfcb268 e-con-full e-flex e-con e-child\" data-id=\"cfcb268\" data-element_type=\"container\" data-e-type=\"container\" data-settings=\"{&quot;ekit_has_onepagescroll_dot&quot;:&quot;yes&quot;}\">\n\t\t\t\t<div class=\"elementor-element elementor-element-3adefbd elementor-widget elementor-widget-text-editor\" data-id=\"3adefbd\" data-element_type=\"widget\" data-e-type=\"widget\" data-widget_type=\"text-editor.default\">\n\t\t\t\t<div class=\"elementor-widget-container\">\n\t\t\t\t\t\t\t\t\t<p class=\"p1\">Chez Regen, nous comprenons qu&#039;un v\u00e9lo cargo performant est bien plus qu&#039;un cadre\u00a0: c&#039;est un syst\u00e8me int\u00e9gr\u00e9 con\u00e7u pour votre utilisation. Que ce soit pour les familles urbaines, la livraison du dernier kilom\u00e8tre ou la logistique institutionnelle, nous vous aidons \u00e0 personnaliser votre v\u00e9lo. <span class=\"s1\"><b>moteur, syst\u00e8me d&#039;engrenages, freins, configuration de la batterie, \u00e9clairage, pi\u00e8ces du cockpit et modules de chargement<\/b><\/span>Toutes les configurations fonctionnelles sont \u00e9labor\u00e9es conform\u00e9ment \u00e0 vos intentions de conception et aux exigences r\u00e9glementaires (EN 15194 \/ EN 17860 \/ StVZO, CE, E-Mark et K-Mark, etc.). Vous trouverez ci-dessous notre menu complet de configurations fonctionnelles.<\/p>\t\t\t\t\t\t\t\t<\/div>\n\t\t\t\t<\/div>\n\t\t\t\t<\/div>\n\t\t\t\t\t<\/div>\n\t\t\t\t<\/div>\n\t\t<div class=\"elementor-element elementor-element-5b7f94b1 e-flex e-con-boxed e-con e-parent\" data-id=\"5b7f94b1\" data-element_type=\"container\" data-e-type=\"container\" data-settings=\"{&quot;background_background&quot;:&quot;classic&quot;,&quot;ekit_has_onepagescroll_dot&quot;:&quot;yes&quot;}\">\n\t\t\t\t\t<div class=\"e-con-inner\">\n\t\t<div class=\"elementor-element elementor-element-65f99fd8 e-flex e-con-boxed e-con e-child\" data-id=\"65f99fd8\" data-element_type=\"container\" data-e-type=\"container\" data-settings=\"{&quot;background_background&quot;:&quot;classic&quot;,&quot;ekit_has_onepagescroll_dot&quot;:&quot;yes&quot;}\">\n\t\t\t\t\t<div class=\"e-con-inner\">\n\t\t\t\t<div class=\"elementor-element elementor-element-7452b61b elementor-widget elementor-widget-spacer\" data-id=\"7452b61b\" data-element_type=\"widget\" data-e-type=\"widget\" data-widget_type=\"spacer.default\">\n\t\t\t\t<div class=\"elementor-widget-container\">\n\t\t\t\t\t\t\t<div class=\"elementor-spacer\">\n\t\t\t<div class=\"elementor-spacer-inner\"><\/div>\n\t\t<\/div>\n\t\t\t\t\t\t<\/div>\n\t\t\t\t<\/div>\n\t\t\t\t\t<\/div>\n\t\t\t\t<\/div>\n\t\t\t\t\t<\/div>\n\t\t\t\t<\/div>\n\t\t<div class=\"elementor-element elementor-element-c897892 e-flex e-con-boxed e-con e-parent\" data-id=\"c897892\" data-element_type=\"container\" data-e-type=\"container\" data-settings=\"{&quot;background_background&quot;:&quot;classic&quot;,&quot;ekit_has_onepagescroll_dot&quot;:&quot;yes&quot;}\">\n\t\t\t\t\t<div class=\"e-con-inner\">\n\t\t<div class=\"elementor-element elementor-element-d91c357 e-con-full e-flex e-con e-child\" data-id=\"d91c357\" data-element_type=\"container\" data-e-type=\"container\" data-settings=\"{&quot;ekit_has_onepagescroll_dot&quot;:&quot;yes&quot;}\">\n\t\t\t\t<div class=\"elementor-element elementor-element-0faf38e elementor-widget elementor-widget-heading\" data-id=\"0faf38e\" data-element_type=\"widget\" data-e-type=\"widget\" data-widget_type=\"heading.default\">\n\t\t\t\t<div class=\"elementor-widget-container\">\n\t\t\t\t\t<h2 class=\"elementor-heading-title elementor-size-default\"><a href=\"https:\/\/regencargobikes.com\/fr\/service-center\/#OEM-ODM-Service\">Support de r\u00e9tro-ing\u00e9nierie<\/a><\/h2>\t\t\t\t<\/div>\n\t\t\t\t<\/div>\n\t\t\t\t<\/div>\n\t\t<div class=\"elementor-element elementor-element-83c6d92 e-con-full e-flex e-con e-child\" data-id=\"83c6d92\" data-element_type=\"container\" data-e-type=\"container\" data-settings=\"{&quot;ekit_has_onepagescroll_dot&quot;:&quot;yes&quot;}\">\n\t\t\t\t<div class=\"elementor-element elementor-element-bd33d4e elementor-widget elementor-widget-text-editor\" data-id=\"bd33d4e\" data-element_type=\"widget\" data-e-type=\"widget\" data-widget_type=\"text-editor.default\">\n\t\t\t\t<div class=\"elementor-widget-container\">\n\t\t\t\t\t\t\t\t\t<p class=\"p1\">Vous ne savez pas quelle technique correspond \u00e0 votre id\u00e9e\u00a0? Envoyez-nous simplement une photo, un croquis ou un \u00e9chantillon\u00a0; nous vous guiderons vers la m\u00e9thode la plus adapt\u00e9e.<\/p>\t\t\t\t\t\t\t\t<\/div>\n\t\t\t\t<\/div>\n\t\t\t\t<\/div>\n\t\t\t\t\t<\/div>\n\t\t\t\t<\/div>\n\t\t<div class=\"elementor-element elementor-element-5cb17f0f e-flex e-con-boxed e-con e-parent\" data-id=\"5cb17f0f\" data-element_type=\"container\" data-e-type=\"container\" data-settings=\"{&quot;ekit_has_onepagescroll_dot&quot;:&quot;yes&quot;}\">\n\t\t\t\t\t<div class=\"e-con-inner\">\n\t\t<div class=\"elementor-element elementor-element-94ad64a e-con-full e-flex e-con e-child\" data-id=\"94ad64a\" data-element_type=\"container\" data-e-type=\"container\" data-settings=\"{&quot;ekit_has_onepagescroll_dot&quot;:&quot;yes&quot;}\">\n\t\t<div class=\"elementor-element elementor-element-3b86e13 e-con-full e-flex e-con e-child\" data-id=\"3b86e13\" data-element_type=\"container\" data-e-type=\"container\" data-settings=\"{&quot;ekit_has_onepagescroll_dot&quot;:&quot;yes&quot;}\">\n\t\t<div class=\"elementor-element elementor-element-7fd54ab e-flex e-con-boxed e-con e-child\" data-id=\"7fd54ab\" data-element_type=\"container\" data-e-type=\"container\" data-settings=\"{&quot;background_background&quot;:&quot;classic&quot;,&quot;ekit_has_onepagescroll_dot&quot;:&quot;yes&quot;}\">\n\t\t\t\t\t<div class=\"e-con-inner\">\n\t\t\t\t<div class=\"elementor-element elementor-element-d201e92 elementor-widget elementor-widget-heading\" data-id=\"d201e92\" data-element_type=\"widget\" data-e-type=\"widget\" data-widget_type=\"heading.default\">\n\t\t\t\t<div class=\"elementor-widget-container\">\n\t\t\t\t\t<h2 class=\"elementor-heading-title elementor-size-default\">Liste des composants personnalisables <\/h2>\t\t\t\t<\/div>\n\t\t\t\t<\/div>\n\t\t\t\t<div class=\"elementor-element elementor-element-c98af0c elementor-widget-divider--view-line elementor-widget elementor-widget-divider\" data-id=\"c98af0c\" data-element_type=\"widget\" data-e-type=\"widget\" data-widget_type=\"divider.default\">\n\t\t\t\t<div class=\"elementor-widget-container\">\n\t\t\t\t\t\t\t<div class=\"elementor-divider\">\n\t\t\t<span class=\"elementor-divider-separator\">\n\t\t\t\t\t\t<\/span>\n\t\t<\/div>\n\t\t\t\t\t\t<\/div>\n\t\t\t\t<\/div>\n\t\t\t\t<div class=\"elementor-element elementor-element-e946ebe elementor-align-start elementor-icon-list--layout-traditional elementor-list-item-link-full_width elementor-widget elementor-widget-icon-list\" data-id=\"e946ebe\" data-element_type=\"widget\" data-e-type=\"widget\" data-widget_type=\"icon-list.default\">\n\t\t\t\t<div class=\"elementor-widget-container\">\n\t\t\t\t\t\t\t<ul class=\"elementor-icon-list-items\">\n\t\t\t\t\t\t\t<li class=\"elementor-icon-list-item\">\n\t\t\t\t\t\t\t\t\t\t\t<a href=\"#motor-power\">\n\n\t\t\t\t\t\t\t\t\t\t\t\t<span class=\"elementor-icon-list-icon\">\n\t\t\t\t\t\t\t<svg aria-hidden=\"true\" class=\"e-font-icon-svg e-fas-long-arrow-alt-right\" viewbox=\"0 0 448 512\" xmlns=\"http:\/\/www.w3.org\/2000\/svg\"><path d=\"M313.941 216H12c-6.627 0-12 5.373-12 12v56c0 6.627 5.373 12 12 12h301.941v46.059c0 21.382 25.851 32.09 40.971 16.971l86.059-86.059c9.373-9.373 9.373-24.569 0-33.941l-86.059-86.059c-15.119-15.119-40.971-4.411-40.971 16.971V216z\"><\/path><\/svg>\t\t\t\t\t\t<\/span>\n\t\t\t\t\t\t\t\t\t\t<span class=\"elementor-icon-list-text\">Moteur et syst\u00e8me d'alimentation<\/span>\n\t\t\t\t\t\t\t\t\t\t\t<\/a>\n\t\t\t\t\t\t\t\t\t<\/li>\n\t\t\t\t\t\t<\/ul>\n\t\t\t\t\t\t<\/div>\n\t\t\t\t<\/div>\n\t\t\t\t<div class=\"elementor-element elementor-element-317af02 elementor-align-start elementor-icon-list--layout-traditional elementor-list-item-link-full_width elementor-widget elementor-widget-icon-list\" data-id=\"317af02\" data-element_type=\"widget\" data-e-type=\"widget\" data-widget_type=\"icon-list.default\">\n\t\t\t\t<div class=\"elementor-widget-container\">\n\t\t\t\t\t\t\t<ul class=\"elementor-icon-list-items\">\n\t\t\t\t\t\t\t<li class=\"elementor-icon-list-item\">\n\t\t\t\t\t\t\t\t\t\t\t<a href=\"#gear-system\">\n\n\t\t\t\t\t\t\t\t\t\t\t\t<span class=\"elementor-icon-list-icon\">\n\t\t\t\t\t\t\t<svg aria-hidden=\"true\" class=\"e-font-icon-svg e-fas-long-arrow-alt-right\" viewbox=\"0 0 448 512\" xmlns=\"http:\/\/www.w3.org\/2000\/svg\"><path d=\"M313.941 216H12c-6.627 0-12 5.373-12 12v56c0 6.627 5.373 12 12 12h301.941v46.059c0 21.382 25.851 32.09 40.971 16.971l86.059-86.059c9.373-9.373 9.373-24.569 0-33.941l-86.059-86.059c-15.119-15.119-40.971-4.411-40.971 16.971V216z\"><\/path><\/svg>\t\t\t\t\t\t<\/span>\n\t\t\t\t\t\t\t\t\t\t<span class=\"elementor-icon-list-text\">Syst\u00e8me d&#039;engrenages et de transmission<\/span>\n\t\t\t\t\t\t\t\t\t\t\t<\/a>\n\t\t\t\t\t\t\t\t\t<\/li>\n\t\t\t\t\t\t<\/ul>\n\t\t\t\t\t\t<\/div>\n\t\t\t\t<\/div>\n\t\t\t\t<div class=\"elementor-element elementor-element-f012185 elementor-align-start elementor-icon-list--layout-traditional elementor-list-item-link-full_width elementor-widget elementor-widget-icon-list\" data-id=\"f012185\" data-element_type=\"widget\" data-e-type=\"widget\" data-widget_type=\"icon-list.default\">\n\t\t\t\t<div class=\"elementor-widget-container\">\n\t\t\t\t\t\t\t<ul class=\"elementor-icon-list-items\">\n\t\t\t\t\t\t\t<li class=\"elementor-icon-list-item\">\n\t\t\t\t\t\t\t\t\t\t\t<a href=\"#Brake-System\">\n\n\t\t\t\t\t\t\t\t\t\t\t\t<span class=\"elementor-icon-list-icon\">\n\t\t\t\t\t\t\t<svg aria-hidden=\"true\" class=\"e-font-icon-svg e-fas-long-arrow-alt-right\" viewbox=\"0 0 448 512\" xmlns=\"http:\/\/www.w3.org\/2000\/svg\"><path d=\"M313.941 216H12c-6.627 0-12 5.373-12 12v56c0 6.627 5.373 12 12 12h301.941v46.059c0 21.382 25.851 32.09 40.971 16.971l86.059-86.059c9.373-9.373 9.373-24.569 0-33.941l-86.059-86.059c-15.119-15.119-40.971-4.411-40.971 16.971V216z\"><\/path><\/svg>\t\t\t\t\t\t<\/span>\n\t\t\t\t\t\t\t\t\t\t<span class=\"elementor-icon-list-text\">Syst\u00e8me de freinage<\/span>\n\t\t\t\t\t\t\t\t\t\t\t<\/a>\n\t\t\t\t\t\t\t\t\t<\/li>\n\t\t\t\t\t\t<\/ul>\n\t\t\t\t\t\t<\/div>\n\t\t\t\t<\/div>\n\t\t\t\t<div class=\"elementor-element elementor-element-3c8721f elementor-align-start elementor-icon-list--layout-traditional elementor-list-item-link-full_width elementor-widget elementor-widget-icon-list\" data-id=\"3c8721f\" data-element_type=\"widget\" data-e-type=\"widget\" data-widget_type=\"icon-list.default\">\n\t\t\t\t<div class=\"elementor-widget-container\">\n\t\t\t\t\t\t\t<ul class=\"elementor-icon-list-items\">\n\t\t\t\t\t\t\t<li class=\"elementor-icon-list-item\">\n\t\t\t\t\t\t\t\t\t\t\t<a href=\"#battery-charger-system\">\n\n\t\t\t\t\t\t\t\t\t\t\t\t<span class=\"elementor-icon-list-icon\">\n\t\t\t\t\t\t\t<svg aria-hidden=\"true\" class=\"e-font-icon-svg e-fas-long-arrow-alt-right\" viewbox=\"0 0 448 512\" xmlns=\"http:\/\/www.w3.org\/2000\/svg\"><path d=\"M313.941 216H12c-6.627 0-12 5.373-12 12v56c0 6.627 5.373 12 12 12h301.941v46.059c0 21.382 25.851 32.09 40.971 16.971l86.059-86.059c9.373-9.373 9.373-24.569 0-33.941l-86.059-86.059c-15.119-15.119-40.971-4.411-40.971 16.971V216z\"><\/path><\/svg>\t\t\t\t\t\t<\/span>\n\t\t\t\t\t\t\t\t\t\t<span class=\"elementor-icon-list-text\">Syst\u00e8me de batterie et de chargeur<\/span>\n\t\t\t\t\t\t\t\t\t\t\t<\/a>\n\t\t\t\t\t\t\t\t\t<\/li>\n\t\t\t\t\t\t<\/ul>\n\t\t\t\t\t\t<\/div>\n\t\t\t\t<\/div>\n\t\t\t\t<div class=\"elementor-element elementor-element-a7a886d elementor-align-start elementor-icon-list--layout-traditional elementor-list-item-link-full_width elementor-widget elementor-widget-icon-list\" data-id=\"a7a886d\" data-element_type=\"widget\" data-e-type=\"widget\" data-widget_type=\"icon-list.default\">\n\t\t\t\t<div class=\"elementor-widget-container\">\n\t\t\t\t\t\t\t<ul class=\"elementor-icon-list-items\">\n\t\t\t\t\t\t\t<li class=\"elementor-icon-list-item\">\n\t\t\t\t\t\t\t\t\t\t\t<a href=\"#cockpit-touchpoint-components\">\n\n\t\t\t\t\t\t\t\t\t\t\t\t<span class=\"elementor-icon-list-icon\">\n\t\t\t\t\t\t\t<svg aria-hidden=\"true\" class=\"e-font-icon-svg e-fas-long-arrow-alt-right\" viewbox=\"0 0 448 512\" xmlns=\"http:\/\/www.w3.org\/2000\/svg\"><path d=\"M313.941 216H12c-6.627 0-12 5.373-12 12v56c0 6.627 5.373 12 12 12h301.941v46.059c0 21.382 25.851 32.09 40.971 16.971l86.059-86.059c9.373-9.373 9.373-24.569 0-33.941l-86.059-86.059c-15.119-15.119-40.971-4.411-40.971 16.971V216z\"><\/path><\/svg>\t\t\t\t\t\t<\/span>\n\t\t\t\t\t\t\t\t\t\t<span class=\"elementor-icon-list-text\">Composants du cockpit et des points de contact<\/span>\n\t\t\t\t\t\t\t\t\t\t\t<\/a>\n\t\t\t\t\t\t\t\t\t<\/li>\n\t\t\t\t\t\t<\/ul>\n\t\t\t\t\t\t<\/div>\n\t\t\t\t<\/div>\n\t\t\t\t<div class=\"elementor-element elementor-element-d488ee9 elementor-align-start elementor-icon-list--layout-traditional elementor-list-item-link-full_width elementor-widget elementor-widget-icon-list\" data-id=\"d488ee9\" data-element_type=\"widget\" data-e-type=\"widget\" data-widget_type=\"icon-list.default\">\n\t\t\t\t<div class=\"elementor-widget-container\">\n\t\t\t\t\t\t\t<ul class=\"elementor-icon-list-items\">\n\t\t\t\t\t\t\t<li class=\"elementor-icon-list-item\">\n\t\t\t\t\t\t\t\t\t\t\t<a href=\"#lighting-electric-components\">\n\n\t\t\t\t\t\t\t\t\t\t\t\t<span class=\"elementor-icon-list-icon\">\n\t\t\t\t\t\t\t<svg aria-hidden=\"true\" class=\"e-font-icon-svg e-fas-long-arrow-alt-right\" viewbox=\"0 0 448 512\" xmlns=\"http:\/\/www.w3.org\/2000\/svg\"><path d=\"M313.941 216H12c-6.627 0-12 5.373-12 12v56c0 6.627 5.373 12 12 12h301.941v46.059c0 21.382 25.851 32.09 40.971 16.971l86.059-86.059c9.373-9.373 9.373-24.569 0-33.941l-86.059-86.059c-15.119-15.119-40.971-4.411-40.971 16.971V216z\"><\/path><\/svg>\t\t\t\t\t\t<\/span>\n\t\t\t\t\t\t\t\t\t\t<span class=\"elementor-icon-list-text\">Eclairage et composants \u00e9lectriques<\/span>\n\t\t\t\t\t\t\t\t\t\t\t<\/a>\n\t\t\t\t\t\t\t\t\t<\/li>\n\t\t\t\t\t\t<\/ul>\n\t\t\t\t\t\t<\/div>\n\t\t\t\t<\/div>\n\t\t\t\t<div class=\"elementor-element elementor-element-606d36f elementor-align-start elementor-icon-list--layout-traditional elementor-list-item-link-full_width elementor-widget elementor-widget-icon-list\" data-id=\"606d36f\" data-element_type=\"widget\" data-e-type=\"widget\" data-widget_type=\"icon-list.default\">\n\t\t\t\t<div class=\"elementor-widget-container\">\n\t\t\t\t\t\t\t<ul class=\"elementor-icon-list-items\">\n\t\t\t\t\t\t\t<li class=\"elementor-icon-list-item\">\n\t\t\t\t\t\t\t\t\t\t\t<a href=\"#other\">\n\n\t\t\t\t\t\t\t\t\t\t\t\t<span class=\"elementor-icon-list-icon\">\n\t\t\t\t\t\t\t<svg aria-hidden=\"true\" class=\"e-font-icon-svg e-fas-long-arrow-alt-right\" viewbox=\"0 0 448 512\" xmlns=\"http:\/\/www.w3.org\/2000\/svg\"><path d=\"M313.941 216H12c-6.627 0-12 5.373-12 12v56c0 6.627 5.373 12 12 12h301.941v46.059c0 21.382 25.851 32.09 40.971 16.971l86.059-86.059c9.373-9.373 9.373-24.569 0-33.941l-86.059-86.059c-15.119-15.119-40.971-4.411-40.971 16.971V216z\"><\/path><\/svg>\t\t\t\t\t\t<\/span>\n\t\t\t\t\t\t\t\t\t\t<span class=\"elementor-icon-list-text\">Autre<\/span>\n\t\t\t\t\t\t\t\t\t\t\t<\/a>\n\t\t\t\t\t\t\t\t\t<\/li>\n\t\t\t\t\t\t<\/ul>\n\t\t\t\t\t\t<\/div>\n\t\t\t\t<\/div>\n\t\t\t\t\t<\/div>\n\t\t\t\t<\/div>\n\t\t\t\t<\/div>\n\t\t<div class=\"elementor-element elementor-element-71642a0 e-con-full e-flex e-con e-child\" data-id=\"71642a0\" data-element_type=\"container\" data-e-type=\"container\" data-settings=\"{&quot;ekit_has_onepagescroll_dot&quot;:&quot;yes&quot;}\">\n\t\t<div class=\"elementor-element elementor-element-f5f6f0a e-flex e-con-boxed e-con e-child\" data-id=\"f5f6f0a\" data-element_type=\"container\" data-e-type=\"container\" data-settings=\"{&quot;ekit_has_onepagescroll_dot&quot;:&quot;yes&quot;}\">\n\t\t\t\t\t<div class=\"e-con-inner\">\n\t\t<div class=\"elementor-element elementor-element-180bd5d e-con-full e-flex e-con e-child\" data-id=\"180bd5d\" data-element_type=\"container\" data-e-type=\"container\" data-settings=\"{&quot;ekit_has_onepagescroll_dot&quot;:&quot;yes&quot;}\">\n\t\t\t\t<div class=\"elementor-element elementor-element-bd933cb elementor-widget elementor-widget-image-gallery\" data-id=\"bd933cb\" data-element_type=\"widget\" data-e-type=\"widget\" data-widget_type=\"image-gallery.default\">\n\t\t\t\t<div class=\"elementor-widget-container\">\n\t\t\t\t\t\t\t<div class=\"elementor-image-gallery\">\n\t\t\t<div id='gallery-1' class='gallery galleryid-671 gallery-columns-3 gallery-size-medium_large'><figure class='gallery-item'>\n\t\t\t<div class='gallery-icon landscape'>\n\t\t\t\t<img fetchpriority=\"high\" decoding=\"async\" width=\"700\" height=\"358\" src=\"https:\/\/regencargobikes.com\/wp-content\/uploads\/2025\/04\/7271743670373_.pic_hd1.jpg\" class=\"attachment-medium_large size-medium_large\" alt=\"\" srcset=\"https:\/\/regencargobikes.com\/wp-content\/uploads\/2025\/04\/7271743670373_.pic_hd1.jpg 700w, https:\/\/regencargobikes.com\/wp-content\/uploads\/2025\/04\/7271743670373_.pic_hd1-300x153.jpg 300w\" sizes=\"(max-width: 700px) 100vw, 700px\" \/>\n\t\t\t<\/div><\/figure><figure class='gallery-item'>\n\t\t\t<div class='gallery-icon landscape'>\n\t\t\t\t<img decoding=\"async\" width=\"700\" height=\"434\" src=\"https:\/\/regencargobikes.com\/wp-content\/uploads\/2025\/04\/7401743671554_.pic_hd1.jpg\" class=\"attachment-medium_large size-medium_large\" alt=\"\" srcset=\"https:\/\/regencargobikes.com\/wp-content\/uploads\/2025\/04\/7401743671554_.pic_hd1.jpg 700w, https:\/\/regencargobikes.com\/wp-content\/uploads\/2025\/04\/7401743671554_.pic_hd1-300x186.jpg 300w\" sizes=\"(max-width: 700px) 100vw, 700px\" \/>\n\t\t\t<\/div><\/figure><figure class='gallery-item'>\n\t\t\t<div class='gallery-icon landscape'>\n\t\t\t\t<img decoding=\"async\" width=\"700\" height=\"341\" src=\"https:\/\/regencargobikes.com\/wp-content\/uploads\/2025\/04\/7391743671553_.pic_hd1.jpg\" class=\"attachment-medium_large size-medium_large\" alt=\"\" srcset=\"https:\/\/regencargobikes.com\/wp-content\/uploads\/2025\/04\/7391743671553_.pic_hd1.jpg 700w, https:\/\/regencargobikes.com\/wp-content\/uploads\/2025\/04\/7391743671553_.pic_hd1-300x146.jpg 300w\" sizes=\"(max-width: 700px) 100vw, 700px\" \/>\n\t\t\t<\/div><\/figure>\n\t\t<\/div>\n\t\t<\/div>\n\t\t\t\t\t\t<\/div>\n\t\t\t\t<\/div>\n\t\t\t\t<\/div>\n\t\t\t\t<div class=\"elementor-element elementor-element-6bc12fd elementor-widget elementor-widget-heading\" data-id=\"6bc12fd\" data-element_type=\"widget\" data-e-type=\"widget\" id=\"motor-power\" data-widget_type=\"heading.default\">\n\t\t\t\t<div class=\"elementor-widget-container\">\n\t\t\t\t\t<h2 class=\"elementor-heading-title elementor-size-default\"><a href=\"#motor-power\">Personnalisation du moteur et du syst\u00e8me d&#039;alimentation<\/a><\/h2>\t\t\t\t<\/div>\n\t\t\t\t<\/div>\n\t\t\t\t<div class=\"elementor-element elementor-element-4697bbb elementor-widget elementor-widget-text-editor\" data-id=\"4697bbb\" data-element_type=\"widget\" data-e-type=\"widget\" data-widget_type=\"text-editor.default\">\n\t\t\t\t<div class=\"elementor-widget-container\">\n\t\t\t\t\t\t\t\t\t<p class=\"p1\">Le syst\u00e8me moteur d\u00e9termine les sensations de votre v\u00e9lo cargo en mouvement\u00a0: sa capacit\u00e9 \u00e0 gravir les c\u00f4tes, sa r\u00e9activit\u00e9 et la confiance avec laquelle il transporte des charges. Que vous privil\u00e9giiez le couple, le silence ou la performance sans entretien, Regen vous aide \u00e0 choisir la configuration moteur id\u00e9ale.<\/p><div class=\"regen-test-placement-from-wizard-1604397851\" id=\"regen-2436638916\"><script async src=\"https:\/\/pagead2.googlesyndication.com\/pagead\/js\/adsbygoogle.js?client=ca-pub-1076230867169041\"\n     crossorigin=\"anonymous\"><\/script><\/div><div class=\"regen-test-placement-from-wizard-2878267818\" id=\"regen-1494887105\"><script async src=\"https:\/\/pagead2.googlesyndication.com\/pagead\/js\/adsbygoogle.js?client=ca-pub-1076230867169041\"\n     crossorigin=\"anonymous\"><\/script><\/div><p class=\"p1\"><b>Les options personnalisables incluent\u00a0:<\/b><\/p><ul><li class=\"p1\">Moteur \u00e0 entra\u00eenement central ou \u00e0 moyeu (avant\/arri\u00e8re)<\/li><li class=\"p1\">Puissances nominales : 250 W \/ 500 W \/ 750 W<\/li><li class=\"p1\">Capteur de couple ou de cadence<\/li><li class=\"p1\">Int\u00e9gration des moteurs conforme aux normes de l&#039;UE<\/li><li class=\"p1\">Affichage et contr\u00f4leur (LED\/LCD\/TFT)<\/li><li>Autre<\/li><\/ul>\t\t\t\t\t\t\t\t<\/div>\n\t\t\t\t<\/div>\n\t\t\t\t\t<\/div>\n\t\t\t\t<\/div>\n\t\t<div class=\"elementor-element elementor-element-e9ffcb2 e-con-full e-flex e-con e-child\" data-id=\"e9ffcb2\" data-element_type=\"container\" data-e-type=\"container\" data-settings=\"{&quot;ekit_has_onepagescroll_dot&quot;:&quot;yes&quot;}\">\n\t\t\t\t<div class=\"elementor-element elementor-element-7bc4e15 elementor-widget elementor-widget-heading\" data-id=\"7bc4e15\" data-element_type=\"widget\" data-e-type=\"widget\" id=\"gear-system\" data-widget_type=\"heading.default\">\n\t\t\t\t<div class=\"elementor-widget-container\">\n\t\t\t\t\t<h2 class=\"elementor-heading-title elementor-size-default\">Syst\u00e8me d&#039;engrenages et de transmission<\/h2>\t\t\t\t<\/div>\n\t\t\t\t<\/div>\n\t\t\t\t<div class=\"elementor-element elementor-element-b125ac4 elementor-widget elementor-widget-text-editor\" data-id=\"b125ac4\" data-element_type=\"widget\" data-e-type=\"widget\" data-widget_type=\"text-editor.default\">\n\t\t\t\t<div class=\"elementor-widget-container\">\n\t\t\t\t\t\t\t\t\t<p class=\"p1\">Le choix du syst\u00e8me de transmission id\u00e9al influence non seulement les performances, mais aussi le confort, le niveau sonore et l&#039;entretien \u00e0 long terme, notamment pour les v\u00e9los cargo transportant des enfants ou \u00e9voluant en c\u00f4te. Chez Regen, nous prenons en charge une gamme de syst\u00e8mes de transmission internes et externes et pouvons int\u00e9grer des marques ou configurations sp\u00e9cifiques en fonction des besoins de votre march\u00e9. Nous proposons \u00e9galement des conseils sur les rapports de transmission en fonction de votre charge utile et des exigences du terrain.<\/p>\t\t\t\t\t\t\t\t<\/div>\n\t\t\t\t<\/div>\n\t\t<div class=\"elementor-element elementor-element-cc0fa2e e-con-full e-flex e-con e-child\" data-id=\"cc0fa2e\" data-element_type=\"container\" data-e-type=\"container\" data-settings=\"{&quot;ekit_has_onepagescroll_dot&quot;:&quot;yes&quot;}\">\n\t\t\t\t<div class=\"elementor-element elementor-element-4b9f9c4 elementor-widget elementor-widget-text-editor\" data-id=\"4b9f9c4\" data-element_type=\"widget\" data-e-type=\"widget\" data-widget_type=\"text-editor.default\">\n\t\t\t\t<div class=\"elementor-widget-container\">\n\t\t\t\t\t\t\t\t\t<p>Nous pouvons \u00e9galement vous recommander des rapports de d\u00e9multiplication optimaux en fonction de votre type de charge utile, des conditions du terrain et du comportement du cycliste. <span style=\"text-decoration: underline;\"><a href=\"https:\/\/regencargobikes.com\/fr\/contact\/\" data-wplink-edit=\"true\">Contactez notre service pour plus d&#039;informations.<\/a><\/span><\/p>\t\t\t\t\t\t\t\t<\/div>\n\t\t\t\t<\/div>\n\t\t\t\t<\/div>\n\t\t<div class=\"elementor-element elementor-element-2e3c9fc e-con-full e-flex e-con e-child\" data-id=\"2e3c9fc\" data-element_type=\"container\" data-e-type=\"container\" data-settings=\"{&quot;ekit_has_onepagescroll_dot&quot;:&quot;yes&quot;}\">\n\t\t<div class=\"elementor-element elementor-element-298c156 e-con-full e-flex e-con e-child\" data-id=\"298c156\" data-element_type=\"container\" data-e-type=\"container\" data-settings=\"{&quot;ekit_has_onepagescroll_dot&quot;:&quot;yes&quot;}\">\n\t\t\t\t<\/div>\n\t\t<div class=\"elementor-element elementor-element-ac0f039 e-con-full e-flex e-con e-child\" data-id=\"ac0f039\" data-element_type=\"container\" data-e-type=\"container\" data-settings=\"{&quot;ekit_has_onepagescroll_dot&quot;:&quot;yes&quot;}\">\n\t\t\t\t<\/div>\n\t\t\t\t<\/div>\n\t\t<div class=\"elementor-element elementor-element-173bb42 e-con-full e-flex e-con e-child\" data-id=\"173bb42\" data-element_type=\"container\" data-e-type=\"container\" data-settings=\"{&quot;ekit_has_onepagescroll_dot&quot;:&quot;yes&quot;}\">\n\t\t<div class=\"elementor-element elementor-element-06d8d97 e-con-full e-flex e-con e-child\" data-id=\"06d8d97\" data-element_type=\"container\" data-e-type=\"container\" data-settings=\"{&quot;ekit_has_onepagescroll_dot&quot;:&quot;yes&quot;}\">\n\t\t\t\t<\/div>\n\t\t<div class=\"elementor-element elementor-element-4bb6820 e-con-full e-flex e-con e-child\" data-id=\"4bb6820\" data-element_type=\"container\" data-e-type=\"container\" data-settings=\"{&quot;ekit_has_onepagescroll_dot&quot;:&quot;yes&quot;}\">\n\t\t\t\t<\/div>\n\t\t\t\t<\/div>\n\t\t\t\t<\/div>\n\t\t<div class=\"elementor-element elementor-element-8657813 e-flex e-con-boxed e-con e-child\" data-id=\"8657813\" data-element_type=\"container\" data-e-type=\"container\" data-settings=\"{&quot;ekit_has_onepagescroll_dot&quot;:&quot;yes&quot;}\">\n\t\t\t\t\t<div class=\"e-con-inner\">\n\t\t\t\t<div class=\"elementor-element elementor-element-5007890 elementor-widget elementor-widget-heading\" data-id=\"5007890\" data-element_type=\"widget\" data-e-type=\"widget\" id=\"Brake-System\" data-widget_type=\"heading.default\">\n\t\t\t\t<div class=\"elementor-widget-container\">\n\t\t\t\t\t<h2 class=\"elementor-heading-title elementor-size-default\">Syst\u00e8me de freinage<\/h2>\t\t\t\t<\/div>\n\t\t\t\t<\/div>\n\t\t\t\t<div class=\"elementor-element elementor-element-4ba5bd3 elementor-widget elementor-widget-text-editor\" data-id=\"4ba5bd3\" data-element_type=\"widget\" data-e-type=\"widget\" data-widget_type=\"text-editor.default\">\n\t\t\t\t<div class=\"elementor-widget-container\">\n\t\t\t\t\t\t\t\t\t<p class=\"p1\">Les v\u00e9los cargo sont plus lourds, ont des cadres plus longs et transportent souvent des enfants. Leurs syst\u00e8mes de freinage doivent donc \u00eatre robustes, fiables et conformes \u00e0 la l\u00e9gislation. Regen propose une personnalisation des freins au niveau des composants, avec des syst\u00e8mes con\u00e7us pour la stabilit\u00e9 de la charge, le contr\u00f4le du cycliste et la r\u00e9sistance \u00e0 l&#039;usure \u00e0 long terme.<\/p>\t\t\t\t\t\t\t\t<\/div>\n\t\t\t\t<\/div>\n\t\t\t\t<div class=\"elementor-element elementor-element-76d50cd elementor-widget elementor-widget-text-editor\" data-id=\"76d50cd\" data-element_type=\"widget\" data-e-type=\"widget\" data-widget_type=\"text-editor.default\">\n\t\t\t\t<div class=\"elementor-widget-container\">\n\t\t\t\t\t\t\t\t\t<ul><li><p class=\"p1\"><b>Fonctionnalit\u00e9s optionnelles<\/b><span class=\"s1\">:<\/span><\/p><p class=\"p2\">\u25b8 <span class=\"s2\"><b>Leviers de frein de stationnement<\/b><\/span> pour la stabilit\u00e9 lors du chargement de l&#039;enfant<\/p><p class=\"p2\">\u25b8 Conceptions compatibles ABS pour syst\u00e8mes hautes performances<\/p><\/li><\/ul><blockquote>Tous les syst\u00e8mes sont pr\u00e9-valid\u00e9s pour <span class=\"s1\"><b>EN 15194<\/b><\/span> et <span class=\"s1\"><b>DIN 79010<\/b><\/span> compatibilit\u00e9.<\/blockquote>\t\t\t\t\t\t\t\t<\/div>\n\t\t\t\t<\/div>\n\t\t\t\t\t<\/div>\n\t\t\t\t<\/div>\n\t\t<div class=\"elementor-element elementor-element-d142ebc e-con-full e-flex e-con e-child\" data-id=\"d142ebc\" data-element_type=\"container\" data-e-type=\"container\" data-settings=\"{&quot;ekit_has_onepagescroll_dot&quot;:&quot;yes&quot;}\">\n\t\t<div class=\"elementor-element elementor-element-4e9bbfb e-con-full e-flex e-con e-child\" data-id=\"4e9bbfb\" data-element_type=\"container\" data-e-type=\"container\" data-settings=\"{&quot;background_background&quot;:&quot;classic&quot;,&quot;ekit_has_onepagescroll_dot&quot;:&quot;yes&quot;}\">\n\t\t\t\t<div class=\"elementor-element elementor-element-eac26df ekit-equal-height-disable elementor-widget elementor-widget-elementskit-image-box\" data-id=\"eac26df\" data-element_type=\"widget\" data-e-type=\"widget\" data-widget_type=\"elementskit-image-box.default\">\n\t\t\t\t<div class=\"elementor-widget-container\">\n\t\t\t\t\t<div class=\"ekit-wid-con\" >\n            <div class=\"elementskit-info-image-box ekit-image-box text-left style-modern\" >\n\n                \n                <div class=\"elementskit-box-header image-box-img-left\">\n\n                    <img loading=\"lazy\" decoding=\"async\" width=\"400\" height=\"282\" src=\"https:\/\/regencargobikes.com\/wp-content\/uploads\/2025\/04\/WechatIMG731.jpg\" class=\"attachment-full size-full wp-image-677\" alt=\"\" srcset=\"https:\/\/regencargobikes.com\/wp-content\/uploads\/2025\/04\/WechatIMG731.jpg 400w, https:\/\/regencargobikes.com\/wp-content\/uploads\/2025\/04\/WechatIMG731-300x212.jpg 300w\" sizes=\"(max-width: 400px) 100vw, 400px\" \/>\n                <\/div>\n                \n                <div class=\"elementskit-box-body ekit-image-box-body\">\n                    <div class=\"elementskit-box-content ekit-image-box-body-inner\">\n                                                <h3 class=\"elementskit-info-box-title\">\n\n                        Freins \u00e0 disque hydrauliques (recommand\u00e9s)\n                        \n                    <\/h3>\n                                                            <div class=\"elementskit-box-style-content\">\n                        \u25b8 Id\u00e9al pour les v\u00e9los familiaux et de livraison avec des arr\u00eats fr\u00e9quents<\/br>\n\u25b8 Fort pouvoir d&#039;arr\u00eat avec une modulation douce<\/br>\n\u25b8 Compatible avec les porte-enfants et les charges arri\u00e8re lourdes<\/br>\n\u25b8 Marques : Tektro, Magura ou marque d\u00e9sign\u00e9e<\/br>                    <\/div>\n                                    <\/div>\n\n                            <\/div>\n            <\/div>\n    <\/div>\t\t\t\t<\/div>\n\t\t\t\t<\/div>\n\t\t\t\t<\/div>\n\t\t<div class=\"elementor-element elementor-element-ce3d832 e-con-full e-flex e-con e-child\" data-id=\"ce3d832\" data-element_type=\"container\" data-e-type=\"container\" data-settings=\"{&quot;background_background&quot;:&quot;classic&quot;,&quot;ekit_has_onepagescroll_dot&quot;:&quot;yes&quot;}\">\n\t\t\t\t<div class=\"elementor-element elementor-element-8081f78 ekit-equal-height-enable elementor-widget elementor-widget-elementskit-image-box\" data-id=\"8081f78\" data-element_type=\"widget\" data-e-type=\"widget\" data-widget_type=\"elementskit-image-box.default\">\n\t\t\t\t<div class=\"elementor-widget-container\">\n\t\t\t\t\t<div class=\"ekit-wid-con\" >\n            <div class=\"elementskit-info-image-box ekit-image-box text-left style-modern\" >\n\n                \n                <div class=\"elementskit-box-header image-box-img-left\">\n\n                    <img loading=\"lazy\" decoding=\"async\" width=\"400\" height=\"271\" src=\"https:\/\/regencargobikes.com\/wp-content\/uploads\/2025\/04\/WechatIMG730.jpg\" class=\"attachment-full size-full wp-image-676\" alt=\"\" srcset=\"https:\/\/regencargobikes.com\/wp-content\/uploads\/2025\/04\/WechatIMG730.jpg 400w, https:\/\/regencargobikes.com\/wp-content\/uploads\/2025\/04\/WechatIMG730-300x203.jpg 300w\" sizes=\"(max-width: 400px) 100vw, 400px\" \/>\n                <\/div>\n                \n                <div class=\"elementskit-box-body ekit-image-box-body\">\n                    <div class=\"elementskit-box-content ekit-image-box-body-inner\">\n                                                <h3 class=\"elementskit-info-box-title\">\n\n                        Freins \u00e0 disque m\u00e9caniques (\u00e9conomiques)\n                        \n                    <\/h3>\n                                                            <div class=\"elementskit-box-style-content\">\n                        \u25b8 Entretien plus facile, adapt\u00e9 aux v\u00e9los cargo plus l\u00e9gers<\/br>\n\u25b8 Compatible avec les configurations de flotte partag\u00e9e<\/br>\n                    <\/div>\n                                    <\/div>\n\n                            <\/div>\n            <\/div>\n    <\/div>\t\t\t\t<\/div>\n\t\t\t\t<\/div>\n\t\t\t\t<\/div>\n\t\t\t\t<\/div>\n\t\t<div class=\"elementor-element elementor-element-c38c27f e-con-full e-flex e-con e-child\" data-id=\"c38c27f\" data-element_type=\"container\" data-e-type=\"container\" data-settings=\"{&quot;ekit_has_onepagescroll_dot&quot;:&quot;yes&quot;}\">\n\t\t\t\t<div class=\"elementor-element elementor-element-5a7552d elementor-widget elementor-widget-heading\" data-id=\"5a7552d\" data-element_type=\"widget\" data-e-type=\"widget\" id=\"battery-charger-system\" data-widget_type=\"heading.default\">\n\t\t\t\t<div class=\"elementor-widget-container\">\n\t\t\t\t\t<h2 class=\"elementor-heading-title elementor-size-default\">Syst\u00e8me de batterie et de chargeur<\/h2>\t\t\t\t<\/div>\n\t\t\t\t<\/div>\n\t\t\t\t<div class=\"elementor-element elementor-element-1e17184 elementor-widget elementor-widget-text-editor\" data-id=\"1e17184\" data-element_type=\"widget\" data-e-type=\"widget\" data-widget_type=\"text-editor.default\">\n\t\t\t\t<div class=\"elementor-widget-container\">\n\t\t\t\t\t\t\t\t\t<p class=\"p1\">Pour les v\u00e9los cargo, en particulier les mod\u00e8les \u00e9lectriques \u00e0 chargement frontal et les tricycles, la conception de la batterie affecte tout, de la g\u00e9om\u00e9trie du cadre \u00e0 l&#039;autonomie et \u00e0 la facilit\u00e9 d&#039;utilisation. Regen propose des configurations de syst\u00e8me d&#039;alimentation qui prennent en charge les itin\u00e9raires de livraison plus longs (utilisation professionnelle comme la logistique), la fiabilit\u00e9 du transport des enfants (utilisation familiale) et les r\u00e9glementations de s\u00e9curit\u00e9 de l&#039;UE.<\/p>\t\t\t\t\t\t\t\t<\/div>\n\t\t\t\t<\/div>\n\t\t\t\t<div class=\"elementor-element elementor-element-8c4a3d1 elementor-widget elementor-widget-text-editor\" data-id=\"8c4a3d1\" data-element_type=\"widget\" data-e-type=\"widget\" data-widget_type=\"text-editor.default\">\n\t\t\t\t<div class=\"elementor-widget-container\">\n\t\t\t\t\t\t\t\t\t<blockquote>Nous vous aidons \u00e0 \u00e9valuer votre <span class=\"s1\"><b>kilom\u00e9trage cible<\/b><\/span>, <span class=\"s1\"><b>cycle de charge<\/b><\/span>, et <span class=\"s1\"><b>programme de recharge quotidien<\/b><\/span> pour cr\u00e9er la configuration de batterie adapt\u00e9e \u00e0 votre r\u00e9gion et \u00e0 votre cas d&#039;utilisation.<\/blockquote>\t\t\t\t\t\t\t\t<\/div>\n\t\t\t\t<\/div>\n\t\t\t\t<\/div>\n\t\t<div class=\"elementor-element elementor-element-77d100a e-con-full e-flex e-con e-child\" data-id=\"77d100a\" data-element_type=\"container\" data-e-type=\"container\" data-settings=\"{&quot;ekit_has_onepagescroll_dot&quot;:&quot;yes&quot;}\">\n\t\t\t\t<div class=\"elementor-element elementor-element-92499ec elementor-widget elementor-widget-heading\" data-id=\"92499ec\" data-element_type=\"widget\" data-e-type=\"widget\" id=\"cockpit-touchpoint-components\" data-widget_type=\"heading.default\">\n\t\t\t\t<div class=\"elementor-widget-container\">\n\t\t\t\t\t<h2 class=\"elementor-heading-title elementor-size-default\">Composants du cockpit et des points de contact<\/h2>\t\t\t\t<\/div>\n\t\t\t\t<\/div>\n\t\t\t\t<div class=\"elementor-element elementor-element-d8d7ea7 elementor-widget elementor-widget-text-editor\" data-id=\"d8d7ea7\" data-element_type=\"widget\" data-e-type=\"widget\" data-widget_type=\"text-editor.default\">\n\t\t\t\t<div class=\"elementor-widget-container\">\n\t\t\t\t\t\t\t\t\t<p class=\"p1\">La personnalisation du cockpit influence le confort du pilote, l&#039;identit\u00e9 de la marque et la convivialit\u00e9 du produit. Les utilisateurs de v\u00e9los cargo interagissent souvent avec le guidon, les poign\u00e9es, les leviers, la selle et la tige de selle, et ce, dans des conditions d&#039;utilisation tr\u00e8s vari\u00e9es.<\/p><p data-pm-slice=\"1 1 []\"><strong>Les options personnalisables incluent\u00a0:<\/strong><\/p><ul data-spread=\"false\" data-pm-slice=\"3 3 []\"><li><p>Largeur du guidon, hauteur, potence r\u00e9glable\u00a0<\/p><\/li><li><p>Poign\u00e9es (ergonomiques, amortissantes, gain\u00e9es de cuir)<\/p><\/li><li><p>Forme du levier de frein et sensibilit\u00e9 \u00e0 la force<\/p><\/li><li><p>Selles : Gel ou mousse \u00e0 m\u00e9moire de forme, tige suspendue ou rigide<\/p><\/li><li>Autre<\/li><\/ul>\t\t\t\t\t\t\t\t<\/div>\n\t\t\t\t<\/div>\n\t\t\t\t<\/div>\n\t\t<div class=\"elementor-element elementor-element-164ad33 e-con-full e-flex e-con e-child\" data-id=\"164ad33\" data-element_type=\"container\" data-e-type=\"container\" data-settings=\"{&quot;ekit_has_onepagescroll_dot&quot;:&quot;yes&quot;}\">\n\t\t\t\t<div class=\"elementor-element elementor-element-d15b208 elementor-widget elementor-widget-heading\" data-id=\"d15b208\" data-element_type=\"widget\" data-e-type=\"widget\" id=\"lighting-electric-components\" data-widget_type=\"heading.default\">\n\t\t\t\t<div class=\"elementor-widget-container\">\n\t\t\t\t\t<h2 class=\"elementor-heading-title elementor-size-default\">Composants d&#039;\u00e9clairage et \u00e9lectriques<\/h2>\t\t\t\t<\/div>\n\t\t\t\t<\/div>\n\t\t\t\t<div class=\"elementor-element elementor-element-224f33c elementor-widget elementor-widget-text-editor\" data-id=\"224f33c\" data-element_type=\"widget\" data-e-type=\"widget\" data-widget_type=\"text-editor.default\">\n\t\t\t\t<div class=\"elementor-widget-container\">\n\t\t\t\t\t\t\t\t\t<p class=\"p1\">L&#039;\u00e9clairage des v\u00e9los cargo n&#039;est pas seulement une question d&#039;esth\u00e9tique, mais aussi de conformit\u00e9 l\u00e9gale et de s\u00e9curit\u00e9 du cycliste. De nombreux march\u00e9s europ\u00e9ens exigent des syst\u00e8mes conformes \u00e0 la norme StVZO. Regen int\u00e8gre un \u00e9clairage r\u00e9pondant \u00e0 vos exigences r\u00e9glementaires et esth\u00e9tiques.<\/p><p data-pm-slice=\"1 3 []\"><strong>Les options personnalisables incluent\u00a0:<\/strong><\/p><ul data-spread=\"false\"><li><p>Feux avant\/arri\u00e8re \u00e0 LED (aliment\u00e9s par la batterie principale ou s\u00e9par\u00e9ment)<\/p><\/li><li><p>Diagramme de faisceau conforme \u00e0 la norme StVZO pour l&#039;Allemagne et l&#039;Autriche<\/p><\/li><li><p>Int\u00e9gration optionnelle du signal de freinage, capteur de lumi\u00e8re ambiante<\/p><\/li><li><p>C\u00e2blage int\u00e9gr\u00e9 dans le cadre ou acheminement de c\u00e2bles expos\u00e9<\/p><\/li><\/ul>\t\t\t\t\t\t\t\t<\/div>\n\t\t\t\t<\/div>\n\t\t\t\t<div class=\"elementor-element elementor-element-9780686 elementor-widget elementor-widget-image\" data-id=\"9780686\" data-element_type=\"widget\" data-e-type=\"widget\" data-widget_type=\"image.default\">\n\t\t\t\t<div class=\"elementor-widget-container\">\n\t\t\t\t\t\t\t\t\t\t\t\t\t\t\t<img loading=\"lazy\" decoding=\"async\" width=\"1222\" height=\"684\" src=\"https:\/\/regencargobikes.com\/wp-content\/uploads\/2025\/04\/a-general-reference-to-estimate-\u7167\u5c04\u8ddd\u79bb-illumination-distance-based-on-LUX-for-bicycle-lights-under-typical-beam-conditions-about-10\u201315\u00b0-focused-beam.jpg\" class=\"attachment-full size-full wp-image-678\" alt=\"une r\u00e9f\u00e9rence g\u00e9n\u00e9rale pour estimer la distance d&#039;\u00e9clairage (\u7167\u5c04\u8ddd\u79bb) en fonction du LUX pour les \u00e9clairages de v\u00e9lo dans des conditions de faisceau typiques (faisceau focalis\u00e9 d&#039;environ 10 \u00e0 15\u00b0)\" srcset=\"https:\/\/regencargobikes.com\/wp-content\/uploads\/2025\/04\/a-general-reference-to-estimate-\u7167\u5c04\u8ddd\u79bb-illumination-distance-based-on-LUX-for-bicycle-lights-under-typical-beam-conditions-about-10\u201315\u00b0-focused-beam.jpg 1222w, https:\/\/regencargobikes.com\/wp-content\/uploads\/2025\/04\/a-general-reference-to-estimate-\u7167\u5c04\u8ddd\u79bb-illumination-distance-based-on-LUX-for-bicycle-lights-under-typical-beam-conditions-about-10\u201315\u00b0-focused-beam-300x168.jpg 300w, https:\/\/regencargobikes.com\/wp-content\/uploads\/2025\/04\/a-general-reference-to-estimate-\u7167\u5c04\u8ddd\u79bb-illumination-distance-based-on-LUX-for-bicycle-lights-under-typical-beam-conditions-about-10\u201315\u00b0-focused-beam-1024x573.jpg 1024w, https:\/\/regencargobikes.com\/wp-content\/uploads\/2025\/04\/a-general-reference-to-estimate-\u7167\u5c04\u8ddd\u79bb-illumination-distance-based-on-LUX-for-bicycle-lights-under-typical-beam-conditions-about-10\u201315\u00b0-focused-beam-768x430.jpg 768w\" sizes=\"(max-width: 1222px) 100vw, 1222px\" \/>\t\t\t\t\t\t\t\t\t\t\t\t\t\t\t<\/div>\n\t\t\t\t<\/div>\n\t\t\t\t<div class=\"elementor-element elementor-element-b5afc38 elementor-widget elementor-widget-text-editor\" data-id=\"b5afc38\" data-element_type=\"widget\" data-e-type=\"widget\" data-widget_type=\"text-editor.default\">\n\t\t\t\t<div class=\"elementor-widget-container\">\n\t\t\t\t\t\t\t\t\t<p style=\"text-align: center;\">Une r\u00e9f\u00e9rence g\u00e9n\u00e9rale pour estimer la distance d&#039;\u00e9clairage en fonction du LUX pour les \u00e9clairages de v\u00e9lo dans des conditions de faisceau typiques (faisceau focalis\u00e9 d&#039;environ 10 \u00e0 15\u00b0)<\/p>\t\t\t\t\t\t\t\t<\/div>\n\t\t\t\t<\/div>\n\t\t\t\t<\/div>\n\t\t<div class=\"elementor-element elementor-element-a6f0011 e-con-full e-flex e-con e-child\" data-id=\"a6f0011\" data-element_type=\"container\" data-e-type=\"container\" data-settings=\"{&quot;ekit_has_onepagescroll_dot&quot;:&quot;yes&quot;}\">\n\t\t\t\t<div class=\"elementor-element elementor-element-60951ff elementor-widget elementor-widget-heading\" data-id=\"60951ff\" data-element_type=\"widget\" data-e-type=\"widget\" id=\"other\" data-widget_type=\"heading.default\">\n\t\t\t\t<div class=\"elementor-widget-container\">\n\t\t\t\t\t<h2 class=\"elementor-heading-title elementor-size-default\">Autres composants<\/h2>\t\t\t\t<\/div>\n\t\t\t\t<\/div>\n\t\t\t\t<div class=\"elementor-element elementor-element-ccdb021 elementor-widget elementor-widget-text-editor\" data-id=\"ccdb021\" data-element_type=\"widget\" data-e-type=\"widget\" data-widget_type=\"text-editor.default\">\n\t\t\t\t<div class=\"elementor-widget-container\">\n\t\t\t\t\t\t\t\t\t<p class=\"p1\">Antivols pour v\u00e9lo cargo, pneus, si\u00e8ge enfant, etc.<\/p><p>\u00a0<\/p>\t\t\t\t\t\t\t\t<\/div>\n\t\t\t\t<\/div>\n\t\t\t\t<\/div>\n\t\t\t\t<\/div>\n\t\t\t\t<\/div>\n\t\t\t\t\t<\/div>\n\t\t\t\t<\/div>\n\t\t\t\t<\/div>","protected":false},"excerpt":{"rendered":"<p>ODM Functional Configuration Home ODM Services Functional Configuration Modular System Design for ODM Projects Learn Regen Service At Regen, we understand that a successful cargo bike is more than a frame\u2014it\u2019s an integrated system built for your use case. Whether for urban families, last-mile delivery, or institutional logistics, we help you customize the motor, gear [&hellip;]<\/p>\n","protected":false},"author":2,"featured_media":0,"parent":0,"menu_order":0,"comment_status":"closed","ping_status":"closed","template":"elementor_header_footer","meta":{"footnotes":""},"class_list":["post-671","page","type-page","status-publish","hentry"],"_links":{"self":[{"href":"https:\/\/regencargobikes.com\/fr\/wp-json\/wp\/v2\/pages\/671","targetHints":{"allow":["GET"]}}],"collection":[{"href":"https:\/\/regencargobikes.com\/fr\/wp-json\/wp\/v2\/pages"}],"about":[{"href":"https:\/\/regencargobikes.com\/fr\/wp-json\/wp\/v2\/types\/page"}],"author":[{"embeddable":true,"href":"https:\/\/regencargobikes.com\/fr\/wp-json\/wp\/v2\/users\/2"}],"replies":[{"embeddable":true,"href":"https:\/\/regencargobikes.com\/fr\/wp-json\/wp\/v2\/comments?post=671"}],"version-history":[{"count":19,"href":"https:\/\/regencargobikes.com\/fr\/wp-json\/wp\/v2\/pages\/671\/revisions"}],"predecessor-version":[{"id":1117,"href":"https:\/\/regencargobikes.com\/fr\/wp-json\/wp\/v2\/pages\/671\/revisions\/1117"}],"wp:attachment":[{"href":"https:\/\/regencargobikes.com\/fr\/wp-json\/wp\/v2\/media?parent=671"}],"curies":[{"name":"wp","href":"https:\/\/api.w.org\/{rel}","templated":true}]}}